{"id":11,"date":"2014-11-05T19:23:33","date_gmt":"2014-11-05T17:23:33","guid":{"rendered":"http:\/\/www.alleinunterhalter-hens.de\/?page_id=11"},"modified":"2026-04-10T08:58:14","modified_gmt":"2026-04-10T06:58:14","slug":"aktuelles","status":"publish","type":"page","link":"http:\/\/www.alleinunterhalter-hens.de\/?page_id=11","title":{"rendered":"Aktuelles"},"content":{"rendered":"<h2 class=\"art-postheader\"><img loading=\"lazy\" decoding=\"async\" src=\"http:\/\/www.alleinunterhalter-hens.de\/templates\/Template_Alleinunterhalter_Hens\/images\/postheadericon.png\" alt=\"\" width=\"10\" height=\"32\" \/>\u00a0 Aktuelles rund um &#8222;Hens&#8220; &amp; Ingrid<\/h2>\r\n<p>&nbsp;<\/p>\r\n<h3 class=\"art-postheader\"><span style=\"color: #000000;\">Hier pr\u00e4sentieren wir Ihnen in unregelm\u00e4\u00dfigen Abst\u00e4nden das Neueste rund um &#8222;Hens&#8220; &amp; Ingrid. Wir empfehlen Ihnen, regelm\u00e4\u00dfig wieder vorbeizuschauen um stets bestens informiert zu sein \ud83d\ude42<\/span><\/h3>\r\n<p><strong><span style=\"color: #000000;\">April 2026: <\/span><span style=\"color: #ff6600;\"><em>Wir w\u00fcnschen euch ein gesegnetes und frohes Osterfest.<\/em><\/span><\/strong><\/p>\r\n<h4><span style=\"color: #ff0000;\"><strong><span style=\"color: #000000;\">Dezember 2025: <\/span><\/strong><strong>Wir w\u00fcnschen euch gesegnete und friedvolle Weihnachten und einen guten Start in das neue Jahr 2026.<\/strong><\/span><\/h4>\r\n<p><strong>Dezember 2025:\u00a0<span style=\"color: #008000;\">Wir w\u00fcnschen euch eine sch\u00f6ne, besinnliche Adventszeit.<\/span><\/strong><\/p>\r\n<p><strong>Mai 2025:<\/strong> <strong><span style=\"color: #0000ff;\"><em>15 Jahre Schlagerspa\u00df mit Hens und Ingrid<\/em><\/span><\/strong><\/p>\r\n<h4><span style=\"color: #0000ff;\"><em>Wir sind gl\u00fccklich <\/em><\/span><em><span style=\"color: #0000ff;\">und dankbar f\u00fcr die vielen sch\u00f6nen Begegnungen mit Euch, bedanken uns herzlich f\u00fcr die wunderbaren musikalischen Veranstaltungen und freuen uns auf die bevorstehenden Termine.<\/span> <\/em><\/h4>\r\n<p>&nbsp;<\/p>\r\n<p><strong>April 2025: <\/strong><span style=\"color: #ff0000;\"><strong>Wir w\u00fcnschen Euch ein frohes Osterfest und sonnige, geruhsame Feiertage.<\/strong><\/span><\/p>\r\n<p><strong>Feburar 2025: <span style=\"color: #33cccc;\">Sch\u00f6n war es in Wasenberg und in Treysa.<\/span> <br \/><\/strong><\/p>\r\n<p><strong>Juli, August und September: \u00a0 <span style=\"color: #ff9900;\">Wir waren musikalisch unterwegs in Ziegenhain, Neukirchen, Treysa, Harle, Stadtallendorf und Schwarzenborn und hatten sehr viel Freude.\u00a0<\/span><\/strong><\/p>\r\n<p><strong>12.05.2024: <span style=\"color: #993366;\">Nach 2 wunderbaren Veranstaltungen an Christi Himmelfahrt (Vatertag) und Muttertag in Frielendorf bei leckerem Essen und guter Stimmung geht es morgen weiter zur n\u00e4chsten Veranstaltung. Wir sagen dankesch\u00f6n.<\/span><\/strong><\/p>\r\n<p><strong>Mai 2024: Auf zum Backhausfest nach Gro\u00dfenenglis am 09.05.2024. Wir freuen uns.<br \/><\/strong><\/p>\r\n<h4><strong>M\u00e4rz 2024:<\/strong> <em>Wir w\u00fcnschen allen unseren Freunden und Bekannten ein sch\u00f6nes Osterfest. Wir sehen uns, bis dahin die besten Gr\u00fc\u00dfe. <\/em><\/h4>\r\n<p>&nbsp;<\/p>\r\n<h4><strong>Januar 2024:<\/strong> <span style=\"color: #339966;\">Die Buchungen f\u00fcr 2024 laufen. Wir freuen uns auf die kommenden Veranstaltungen.<\/span><\/h4>\r\n<p>&nbsp;<\/p>\r\n<h4><strong>Dezember 2023:<\/strong> Wir w\u00fcnschen allen unseren Freunden, Bekannten und Besuchern unserer Website einen guten Start in das Jahr 2024.<\/h4>\r\n<p>&nbsp;<\/p>\r\n<p><strong>12.08.2023: <span style=\"color: #ff0000;\">Am 23.07. und 05.08.2023 waren wir im hohen Kn\u00fcll unterwegs. Wir durften bei einem sehr sch\u00f6nen Sommerfest in Neukirchen mitwirken und ein \u00dcberraschungsst\u00e4ndchen f\u00fcr eine 70-j\u00e4hrige Geburtstagsjubilarin in der Jagdbaude im Wildpark Kn\u00fcll \u00fcberbringen. Wir haben uns sehr gefreut.<\/span><\/strong><\/p>\r\n<p><strong>08.07.2023: <span style=\"color: #ff6600;\">Gelungene \u00dcberraschungsmusik f\u00fcr den 80-j\u00e4hrigen Geburtstagsjubilar. Gerne haben wir diesen sch\u00f6nen Nachmittag musikalisch mitgestaltet.<\/span><\/strong><\/p>\r\n<p><span style=\"color: #000000;\"><strong>\u00a017.06.2023: <span style=\"color: #008080;\">Ein wundersch\u00f6nes Sommerfest bei idealen Bedingungen. Wir konnten alle Musikw\u00fcnsche erf\u00fcllen. Vielen Dank an das Heim-Team.<\/span><\/strong><\/span><\/p>\r\n<p><strong>19.05.2023:<span style=\"color: #993300;\"> Bei herrlichstem Wetter konnten wir gestern das Backhausfest mit leckerem Speckkuchen, W\u00fcrstchen, Kaffee und Kuchen etc. in Gro\u00dfenenglis mit euch feiern. Vielen Dank daf\u00fcr und f\u00fcr die gute Bewirtung.<br \/><\/span><\/strong><\/p>\r\n<p><strong><span style=\"color: #000000;\">16.05.2023: <span style=\"color: #ff00ff;\">Das war ein sch\u00f6ner Nachmittag mit euch in Frielendorf vielen Dank an Herrn R. f\u00fcr die \u00dcbersendung des Weserliedes. \ud83d\ude42<\/span><\/span><\/strong><\/p>\r\n<p><strong>14.05.2023:<span style=\"color: #3366ff;\"> Nach dem Auftritt ist vor dem Auftritt. Heute ein toller Muttertagsevent, am Dienstag, den <\/span><\/strong><\/p>\r\n<p><strong><span style=\"color: #3366ff;\"><span style=\"color: #000000;\">16.05.2023<\/span> dann die n\u00e4chste Veranstaltung und an Himmelfahrt (Vatertag) den <\/span><\/strong><\/p>\r\n<p><strong><span style=\"color: #3366ff;\"><span style=\"color: #000000;\">18.05.2023<\/span> werden wir in Gro\u00dfenenglis beim Backhausfest f\u00fcr Stimmung sorgen. Wir freuen uns.<\/span><\/strong><\/p>\r\n<p><strong><span style=\"color: #000000;\">09.05.2023: <\/span><span style=\"color: #ff0000;\">Super Stimmung und viel Tanz waren heute die Wegbegleiter in Frielendorf. Es hat uns sehr viel Spa\u00df gemacht. <\/span><\/strong><\/p>\r\n<p><strong>27.04.2023:<span style=\"color: #008000;\"> Wir bedanken uns bei dem gesamten Team und bei allen die dabei waren, dass wir dieses sch\u00f6ne\u00a0 \u00a0\u00a0 \u00a0 \u00a0 \u00a0 \u00a0 \u00a0 \u00a0 \u00a0 \u00a0 \u00a0 \u00a0\u00a0\u00a0\u00a0\u00a0\u00a0\u00a0 Fr\u00fchlingsfest in Stadtallendorf mit euch feiern durften.<\/span> <\/strong><\/p>\r\n<p><strong>M\u00e4rz 2023:<span style=\"color: #ff6600;\"> So ein sch\u00f6ner Geburtstag in der Cafetria &#8222;Oase&#8220; &#8211; Hephata Diakonie. <br \/><\/span><\/strong><\/p>\r\n<h4><strong>Februar 2023: <\/strong><span style=\"color: #0000ff;\"><strong>Es war so sch\u00f6n mit euch zu feiern. Vielen Dank an Chr. und D. und euch weiterhin alles Gute.<\/strong> <\/span><\/h4>\r\n<p><strong>Dezember 2022: <\/strong><span style=\"color: #33cccc;\">Wir danken euch f\u00fcr die sch\u00f6nen, gemeinsam verbrachten musikalischen Stunden in 2022 und hoffen wir sehen uns im kommenden Jahr gesund und munter wieder.<\/span><\/p>\r\n<h4><span style=\"color: #00ffff;\"><span style=\"color: #33cccc;\">Die ersten Termine f\u00fcr 2023 sind schon eingetragen.<\/span><\/span><\/h4>\r\n<h4><strong>22.12.2022:<\/strong> <span style=\"color: #ff0000;\"><em>Wir w\u00fcnschen gesegnete und besinnliche Weihnachtsfeiertage und ein friedvolles, gesundes <\/em><em>neues \u00a0 \u00a0 \u00a0 \u00a0 \u00a0 \u00a0 \u00a0 \u00a0 \u00a0 \u00a0 \u00a0 \u00a0 \u00a0 \u00a0 \u00a0 \u00a0 \u00a0 \u00a0 \u00a0 \u00a0 Jahr mit Zuversicht und Hoffnung.<\/em><\/span><\/h4>\r\n<h4><span style=\"color: #993366;\">Wir danken euch f\u00fcr die sch\u00f6nen, gemeinsam verbrachten musikalischen Stunden in diesem Jahr und hoffen wir sehen uns im kommenden Jahr gesund und munter wieder.<\/span><\/h4>\r\n<h4><span style=\"color: #993366;\">Die ersten Termine f\u00fcr 2023 sind schon eingetragen.<\/span><\/h4>\r\n<h4><strong>November 2022:<\/strong><em> <span style=\"color: #339966;\">Wir w\u00fcnschen euch eine zauberhafte und lichterf\u00fcllte Adventszeit.<\/span><\/em><\/h4>\r\n<h4><span style=\"color: #800080;\"><span style=\"color: #ff0000;\"><strong><span style=\"color: #000000;\">Oktober 2022:<\/span> <span style=\"color: #ff9900;\">Die neuen Bilder sind online, gerne mal anschauen.<\/span><\/strong><\/span><br \/><\/span><\/h4>\r\n<p>Wir durften mit euch Oktoberfest feiern. Wir danken dem Silbersee Team und Herrn Tokovic von Busreisen Tokovic sowie allen G\u00e4sten f\u00fcr die tolle Stimmung. Es war so sch\u00f6n, ihr seid klasse. Gerne wieder. Bilder folgen in K\u00fcrze.<\/p>\r\n<p><strong>Juli 2022<\/strong>: Sonne pur und gute Laune. Ein unterhaltsames Sommerfest mit euch mit vielen sch\u00f6nen Beitr\u00e4gen und lecker Kaffee und Kuchen. Vielen Dank daf\u00fcr.<\/p>\r\n<p><strong>Juni 2022<\/strong>: Eine wundersch\u00f6ne Hochzeit konnten wir mit euch feiern, wir danken dem Brautpaar und den G\u00e4sten f\u00fcr die super Stimmung und das gemeinsame Singen, das war Spitze!!! Wir w\u00fcnschen euch alles Gute f\u00fcr den gemeinsamen Lebensweg.<\/p>\r\n<h3><span style=\"color: #0000ff;\"><em><strong>Wir sind wieder f\u00fcr Sie da.<\/strong><\/em><\/span><\/h3>\r\n<h4><span style=\"color: #008080;\"><em><strong>Januar 2022: Wir w\u00fcnschen euch ein frohes neues Jahr, viel Gl\u00fcck und Gesundheit und hoffen auf ein baldiges Wiedersehen.<\/strong><\/em><\/span><\/h4>\r\n<p><em><strong>Dezember 2021: Wir w\u00fcnschen allen unseren Freunden und Bekannten einen guten Start in das Neue Jahr 2022. <\/strong><\/em><em><strong>Wir hoffen, dass wir uns im neuen Jahr bald wieder sehen k\u00f6nnen. Bleibt gesund!!<\/strong><\/em><\/p>\r\n<p>&nbsp;<\/p>\r\n<h4><strong><i><span style=\"color: red;\">Dezember 2021: Wir w\u00fcnschen allen unseren Freunden und Bekannten ein besinnliches und gesegnetes Weihnachtsfest, mit vielen ruhigen Stunden zum Innehalten und Tr\u00e4umen.<\/span><\/i><\/strong><\/h4>\r\n<p>&nbsp;<\/p>\r\n<div class=\"art-postcontent\">\r\n<div class=\"art-article\">\r\n<h4><em><strong><span style=\"color: #008000;\">Juni 2019: Wir freuen uns, dass wir im Jahr 2019 unser 10-j\u00e4hriges Hens &amp; Ingrid Duo-Jubil\u00e4um feiern konnten. Wir bedanken uns auf diesem Wege f\u00fcr die vielen sch\u00f6nen Feiern und Feste bei und mit euch, die wir in den vergangenen 10 Jahren musikalisch begleitet haben und freuen uns schon jetzt auf alle k\u00fcnftigen Veranstaltungen.\u00a0 \u00a0\u00a0 \ud83d\ude42 \u00a0 \u00a0\u00a0\u00a0\u00a0<\/span><\/strong><\/em><\/h4>\r\n<h4><em><strong><span style=\"color: #008000;\">\u00a0\u00a0\u00a0\u00a0\u00a0\u00a0\u00a0\u00a0\u00a0\u00a0 <br \/><\/span><\/strong><\/em><\/h4>\r\n<p><strong><span style=\"color: #000000;\">1<\/span>0.12.2019 <\/strong>&#8211; Felsberg<strong><br \/><\/strong><\/p>\r\n<\/div>\r\n<\/div>\r\n<div class=\"art-postcontent\">\r\n<div class=\"art-article\">\r\n<p><strong>09.12.2019<\/strong> &#8211; Felsberg<strong><br \/><\/strong><\/p>\r\n<p><strong>07.12.2019<\/strong> &#8211; Sportzentrum Westfeld-Ohlenbach<\/p>\r\n<p><strong>26.10.2019 <\/strong>&#8211; 70 Jahre VDK Gro\u00dfropperhausen<\/p>\r\n<p><strong>18.08.2019 <\/strong>&#8211; Fischfest, Fischmarkt Krau\u00df, Schrecksbach<\/p>\r\n<p><strong>28.07.2019 <\/strong>&#8211; Spielvereinigung Zella-Loshausen<\/p>\r\n<p><strong>09.07.2019 <\/strong>&#8211; Seniorenclub Fuldatal-Ihringshausen<\/p>\r\n<p><strong>23.06.2019<\/strong> &#8211;\u00a0 FTSV Wabern Harle Geburtstag 100 Jahre<\/p>\r\n<p><strong>16.06.2019<\/strong> &#8211; Feuerwehrfest Loshausen<\/p>\r\n<p><strong>14.06.2019 <\/strong>&#8211; 70 Jahre VDK Wiera<\/p>\r\n<p><strong>02.05.2019 <\/strong>&#8211; St. Martin, Neukirchen<\/p>\r\n<p><strong>05.04.2019<\/strong> &#8211; zum 20-j\u00e4hrigen der 1. Original Wallenr\u00f6der Dicke Backe Kapell\u00a0 <a href=\"https:\/\/de-de.facebook.com\/owdbk\/photos\/gm.570079963415728\/1936310839787166\/?type=3\"><span style=\"color: #000000;\"><span style=\"color: #0000ff;\"><span style=\"color: #000000;\">https:\/\/de-de.facebook.com\/owdbk\/photos\/gm.570079963415728\/1936310839787166\/?type=3<\/span><\/span><\/span><\/a><\/p>\r\n<p><a href=\"http:\/\/www.owdbk.de\/wp-content\/uploads\/2019\/02\/OWDBK-Plakat-A5-722x1024.jpeg\"><span style=\"color: #000000;\">http:\/\/www.owdbk.de\/wp-content\/uploads\/2019\/02\/OWDBK-Plakat-A5-722&#215;1024.jpeg<\/span><\/a><\/p>\r\n<p><strong>02.03.1019 <\/strong>&#8211; Wabern<\/p>\r\n<p>Auch in diesem Jahr sind wir an der musikalischen Unterhaltung bei dem vorweihnachtlichen Seniorennachmittag in Merzhausen am <em><strong>16.12.2018<\/strong><\/em> beteiligt.<\/p>\r\n<p>Am Sonntag den, <strong>11.11.2018<\/strong> sind wir in Felsberg in der Seniorenresidenz Haus St. Valentin mit Gesang und Musik am Start.<\/p>\r\n<p>Wir werden auch in diesem Jahr bei dem Alsfelder Weihnachtsmarkt wieder zu h\u00f6ren sein, und zwar am <strong>08.12.<\/strong>, <strong>09.12.<\/strong> und<strong> 15.12.2018<\/strong>, jeweils ab <strong>12.00 Uhr<\/strong>.<\/p>\r\n<p>Hier nochmal eine kleine Erinnerung f\u00fcr das Kirmesanspielen am <strong>01.11.2018<\/strong> in Schrecksbach.<\/p>\r\n<p>Am kommenden Sonntag, den <strong>28.10.2018<\/strong> sind wir wie bereits angek\u00fcndigt im Tagescaf\u00e9 im Diakoniezentrum Frielendorf zu h\u00f6ren, diesmal findet dort auch eine Modenschau statt.<\/p>\r\n<p>Au\u00dferdem sind wir am <strong>11.11.2018<\/strong> sowie <strong>10.12.<\/strong> und <strong>11.12.2018<\/strong> in der Seniorenresidenz in Felsberg musikalisch unterwegs.<\/p>\r\n<p><strong>13.10.2018<\/strong><\/p>\r\n<p>Nicht vergessen, am 28.10.2018 singen wir wieder wie immer live in Frielendorf im Tagescaf\u00e9 im Diakoniezentrum.<\/p>\r\n<p><strong>24.09.2018<\/strong><\/p>\r\n<p>Wir haben wieder Bilder hochgeladen, einfach mal anschauen. Au\u00dferdem kleine Erinnerung, am kommenden Sonntag, den 30.09.2018 machen wir Musik zum 70-j\u00e4hrigen Burschenschaftsjubil\u00e4um in Christerode.<\/p>\r\n<p><strong>28.07.2018<\/strong><\/p>\r\n<p>Hier schon mal eine kleine Vorschau auf unsere n\u00e4chsten Termine:<\/p>\r\n<p>03.08.2018 &#8211; Sommerfest Seniorenzentrum Treysa, Breslauer Str.<\/p>\r\n<p>18.08.2018 &#8211; VKD Frielendorf-Leuderode<\/p>\r\n<p>19.08.2018 &#8211; Sommerfest Frielendorf-Leuderode<\/p>\r\n<p>14.09.2018 &#8211; Kirmes Holzburg<\/p>\r\n<p><a href=\"https:\/\/de-de.facebook.com\/157234447949635\/photos\/pb.157234447949635.-2207520000.1536234941.\/698828230456918\/?type=3\"><span style=\"color: #000000;\">https:\/\/de-de.facebook.com\/157234447949635\/photos\/pb.157234447949635.-2207520000.1536234941.\/698828230456918\/?type=3<\/span><\/a><\/p>\r\n<p>30.09.2018 &#8211; Christerode, 70 Jahre Burschenschaft<\/p>\r\n<p>28.10.2018 &#8211; Tagescaf\u00e9 im Diakonie-Zentrum Frielendorf<\/p>\r\n<p>01.11.2018 &#8211; Kirmes Schrecksbach<\/p>\r\n<p>und nat\u00fcrlich morgen Musik Open Air im Tagescaf\u00e9 des Diakonie-Zentrum in Frielendorf.<\/p>\r\n<p><strong>21.07.2018<\/strong><\/p>\r\n<p>Hallo, n\u00e4chsten Sonntag, den 29.07.2018 sind wir\u00a0 ab 14.30 Uhr im Tagescaf\u00e9 im Diakonie-Zentrum in Frielendorf beim F\u00f6rderverein Frielendorfer Altenhilfe e.V. zu sehen und nat\u00fcrlich auch zu h\u00f6ren.<\/p>\r\n<p><strong>17.05.2018<\/strong><\/p>\r\n<p>Am 31.05.2018 ab 15.00 Uhr sind wir in Krafts Gartencaf\u00e9 in Speckswinkel zu h\u00f6ren. Genie\u00dft mit uns den Feiertag bei stimmungsvollem zweistimmigen Live-Gesang, leckerem Kaffee und Kuchen und wundersch\u00f6nem Ambiente.<\/p>\r\n<p><strong>09.01.2018<\/strong><\/p>\r\n<p>Am 12.02.2018 werden wir zum Rosenmontagsfasching in Ohmes musikalisch f\u00fcr Stimmung sorgen. Alaaf und Helau.<\/p>\r\n<p><strong>07.01.2018<\/strong><\/p>\r\n<p>Nach 1 Woche Pause haben wir gestern die Saison wieder er\u00f6ffnet. Au\u00dferdem sind wir am kommenden Sonntag, den 14. Januar 2018\u00a0 im Tagescaf\u00e9 im Diakonie-Zentrum in Frielendorf beim F\u00f6rderverein Frielendorfer Altenhilfe e.V. zu h\u00f6ren unter dem Motto &#8222;Musikalisch ins neue Jahr mit Hens und Ingrid&#8220;.<\/p>\r\n<p><strong>22.12.2017<\/strong><\/p>\r\n<p>Wir w\u00fcnschen euch Allen ein gesegnetes, besinnliches und friedvolles Weihnachtsfest und ein gesundes und gl\u00fcckliches Neues Jahr und bedanken uns bei euch f\u00fcr die vielen Buchungen, sch\u00f6nen Feste und Veranstaltungen die wir musikalisch mit euch gefeiert haben und hoffen, dass wir uns im neuen Jahr gesund und munter wiedersehen.<\/p>\r\n<p><strong>30.11.2017<\/strong><\/p>\r\n<p>Wir haben wieder Bilder aus vergangenen Veranstaltungen hochgeladen. Reinschauen lohnt sich.<\/p>\r\n<p><strong>26.11.2017<\/strong><\/p>\r\n<p>Am <em><strong>17.12.2017<\/strong><\/em> findet der vorweihnachtliche Merzh\u00e4user Seniorennachmittag in der Antreffhalle statt, bei dem wir musikalisch mitwirken werden.<\/p>\r\n<p><strong>05.11.2017<\/strong><\/p>\r\n<p>Alsfelder Weihnachtsmarkt vom 08. bis 17.12.2017 und wir sind auch dabei. Wenn ihr uns h\u00f6ren m\u00f6chtet, dann k\u00f6nnt ihr dies an 3 Tagen tun und zwar am <em><strong>09.12., 11.12. und 16.12.2017<\/strong><\/em>. Wir freuen uns auf die wundersch\u00f6ne weihnachtliche Kulisse in Alsfeld und auf alle Zuh\u00f6rer.<\/p>\r\n<p><strong>08.10.2017<\/strong><\/p>\r\n<p>Am 20.10. werden wir zum Weinfest des F\u00f6rderverein Frielendorfer Altenhilfe e.V. musikalisch unterhalten.<\/p>\r\n<p><strong>06.08.2017<\/strong><\/p>\r\n<p>N\u00e4chsten Samstag, den 12.08.2017 sind wir ab 10.00 Uhr zu dem Marktplatzkonzert in Fritzlar zu h\u00f6ren. Am darauffolgenden Wochenende,\u00a0 und\u00a0 zwar\u00a0 am\u00a0 Sonntag, den 20.08.2017,\u00a0 ab 14.30 Uhr sind wir in Obergrenzebach auf der Kirmes musikalisch nach den Silberbergmusikanten wieder mit von der Partie.<\/p>\r\n<p><a href=\"https:\/\/www.facebook.com\/events\/230781163996142\/\">https:\/\/www.facebook.com\/events\/230781163996142\/<\/a><\/p>\r\n<p><strong>03.07.2017<\/strong><\/p>\r\n<p>Wir haben wieder neue Bilder hochgeladen. Viel Spa\u00df beim Ansehen.<\/p>\r\n<p><strong>14.06.2017<\/strong><\/p>\r\n<p>Es klingt Musik, und zwar am Samstag, den 17.06.2017, ab 20.00 Uhr im Sch\u00fctzenhaus Leimsfeld zum Sch\u00fctzenball und am\u00a0 01. Juli 2017 zum Sommerfest im Ph\u00f6nix-Seniorenzentrum in Ziegenhain.<\/p>\r\n<p><strong>13.06.2017<\/strong><\/p>\r\n<p>Auf der facebook-Seite bei Kraft`s Gartencaf\u00e9 Speckswinkel sind 3 kurze live-stream Video\u00b4s unseres gestrigen Auftrittes hochgeladen. Viel Spa\u00df beim Reinh\u00f6ren.<\/p>\r\n<\/div>\r\n<p><strong>28.05.2017<\/strong><\/p>\r\n<p>Am Mittwoch sind wir musikalisch bei der AWO in Schwalmstadt-Treysa.<\/p>\r\n<p>Am 11.06.2017 singen wir f\u00fcr Sie nachmittags in Kraft&#8217;s Gartencaf\u00e9 in Speckswinkel.<\/p>\r\n<p><strong>11.05.2017<\/strong><\/p>\r\n<p>Am 28.05.2017 findet das musikalische Fr\u00fchlingsfest des Patenschaftsverein Siebenb\u00fcrgen (Rum\u00e4nien) e.V. ab 11.00 Uhr im DGH in Zimmersrode statt. Ab 12.00 Uhr werden wir Sie musikalisch unterhalten. Au\u00dferdem wirken noch mit die Original Bilstein Musikanten sowie die M\u00e4nnerch\u00f6re aus Neuental Gilsa und Waltersbr\u00fcck.<\/p>\r\n<div class=\"art-article\">\r\n<p><strong>03.02.2017<\/strong><\/p>\r\n<p>Wir haben neue Bilder hochgeladen. Viel Spa\u00df beim St\u00f6bern.<\/p>\r\n<p><strong>18.12.2016<\/strong><\/p>\r\n<p>Wir haben wieder Bilder hochgeladen und zwar von der Flohkirmes in Berfa, Veranstaltung im Landgasthof Bechtel Zella und Weihnachtsmarkt Alsfeld. Schauen Sie doch mal rein.<\/p>\r\n<\/div>\r\n<p><strong>26.11.2016<\/strong><\/p>\r\n<p>Die Adventszeit hat begonnen und wir freuen uns auf die Veranstaltungen mit Ihnen, in dieser besinnlichen Zeit, wie schon vorab angek\u00fcndigt in Alsfeld und Unshausen. Am 06.12.2016 zum Seniorennachmittag in der G\u00fcrren Stubb in Willingshausen werden wir ebenfalls mit vorweihnachtlicher Musik adventlich einstimmen.<\/p>\r\n<p><strong>06.11.2016<\/strong><\/p>\r\n<div class=\"art-article\">\r\n<p>Wir m\u00f6chten jetzt schon auf einige Termine im Dezember hinweisen. Und zwar k\u00f6nnen Sie uns in Alsfeld auf dem Weihnachtsmarkt h\u00f6ren und zwar am 03.12., 04.12. und 10.12.2016 jeweils von 12.00 Uhr bis 15.00 Uhr und am 03.12.2016 ab 18.00 Uhr beim Weihnachtsmarkt im Bistro 254 in Unshausen.<\/p>\r\n<p><strong>24.10.2016<br \/><\/strong><\/p>\r\n<p>Jetzt schon mal vormerken. Am 05.11.2016 findet die Nachkirmes in Berfa mit Flohschlachten im Saal Riffer statt. Wir werden ab 19.30 Uhr f\u00fcr die musikalische Unterhaltung mit Tanz- und Stimmungsmusik sorgen. Aber vorher werden wir an einem musikalischen Nachmittag am 30.10.2016 in Frielendorf in der Silbersee-Alm (nicht \u00f6ffentlich) mitwirken.<\/p>\r\n<\/div>\r\n<div class=\"art-article\">\r\n<p><strong>09.10.2016<\/strong><\/p>\r\n<p>Wir haben wieder neue Bilder von diversen Veranstaltungen hochgeladen, viel Spa\u00df beim st\u00f6bern.<\/p>\r\n<p><strong>\u00a016.09.2016<\/strong><\/p>\r\n<p>Zum gro\u00dfen Oktoberfest am 02.10.2016\u00a0 im Caf\u00e9 Zeitlos in Neukirchen sind alle recht herzlich eingeladen und wir machen ab 11.00 Uhr Musik f\u00fcr Sie.<\/p>\r\n<p><strong>22.08.2016<\/strong><\/p>\r\n<p>Nach einem sch\u00f6nen Kirmessonntagnachmittag in Obergrenzebach sind wir bereit f\u00fcr das Weinfest in Freudenthal. Am 10. September werden wir dort f\u00fcr die musikalische Unterhaltung sorgen. Aber vorher machen wir noch Musik im Caf\u00e9\u00a0 Restaurant\u00a0 Blumenhain in Borken. Wir freuen uns schon auf beide Veranstaltungen. \ud83d\ude42<\/p>\r\n<p><strong>10.08.2016<\/strong><\/p>\r\n<p>Wir stellen Ihnen unter &#8222;Unsere Musik&#8220;\u00a0 13 neue Musik-Demos zur Verf\u00fcgung. H\u00f6ren Sie doch mal rein.<\/p>\r\n<p><strong>09.08.2016<\/strong><\/p>\r\n<p>Am 21.08. sind wir auf der Kirmes in Obergrenzebach auch wieder dabei und werden mit Musik und guter Laune am Nachmittag zum Tanz durchstarten.<\/p>\r\n<p><strong>05.08.2016<\/strong><\/p>\r\n<p>Es ist soweit, unsere neue Demo-CD ist fertig.<\/p>\r\n<p><strong>07.07.2016<\/strong><\/p>\r\n<p>Morgen sind wir im DRK Seniorenzentrum Kellerwald in Jesberg beim Sommerfest zu h\u00f6ren. Wir freuen uns auf einen gemeinsamen musikalischen Nachmittag.<\/p>\r\n<p><strong>22.06.2016<\/strong><\/p>\r\n<p>Wir freuen uns, dass wir zum Sommerfest in der Seniorenresidenz in Bad Hersfeld am 02.07.2016 musizieren werden. Bei guter Laune hoffen wir auf sch\u00f6nes Wetter.<\/p>\r\n<p><strong>13.06.2016<\/strong><\/p>\r\n<p>Es hat uns sehr viel Spa\u00df gemacht den Kirmessonntag in Ascherode musikalisch zu gestalten. Hens und seine Kleine Blasmusik sowie Ingrid und Hens bedanken sich bei allen Kirmesbesuchern und dem Kirmesteam Ascherode f\u00fcr den sch\u00f6nen Tag.<\/p>\r\n<p><strong>02.06.2016<\/strong><\/p>\r\n<p>Am 11.06.2016 und 12.06.2016 findet die diesj\u00e4hrige Kirmes in Ascherode statt. Am Sonntag, den 12.06. werden wir euch dort nach dem Zeltgottesdienst mit z\u00fcnftiger Blasmusik sowie mit Tanz- und Schlagermusik stimmungsvoll unterhalten.<\/p>\r\n<p><strong>09.05.2016<\/strong><\/p>\r\n<p>Am 1. Juniwochenende findet das Weinfest in Neustadt\/Hessen statt, bei dem auch wir euch musikalisch unterhalten d\u00fcrfen. (F\u00e4llt leider aus wegen schlechter Wetterlage).<\/p>\r\n<p><strong>06.05.2016<\/strong><\/p>\r\n<p>Bei strahlendem Sonnenschein haben wir zwei wunderbare Tage in Braun&#8217;s Biergarten auf dem Himmelfahrtsmarkt in Frielendorf verbracht und mit unserer Musik zur Unterhaltung der zahlreichen G\u00e4ste beigetragen. Es war sehr sch\u00f6n. \ud83d\ude42<\/p>\r\n<p><strong>02.05.2016<\/strong><\/p>\r\n<p>Wir sind bereit f\u00fcr den Himmelfahrtsmarkt am 04. Mai und 05. Mai. bei Benny&#8217;s Imbiss in Frielendorf. Nach der super Veranstaltung gestern am 01. Mai auf der Zellschen Koppe werden wir am Mittwoch nach Frielendorf durchstarten und freuen uns schon auf euch.<\/p>\r\n<p><strong>12.04.2016<\/strong><\/p>\r\n<p>Am 01. Mai noch nichts vor? Wie w\u00e4re es mit einem Ausflug zur Zellschen Koppe. Bei Musik und Leckereien ist dieses idyllische Pl\u00e4tzchen doch genau das Richtige.<\/p>\r\n<p><strong>11.04.2016<\/strong><\/p>\r\n<p>Schon mal vormerken. Am 04. und 05. Mai ist wieder traditionell in Frielendorf der Himmelfahrtsmarkt. Wir werden euch dort auch musikalisch unterhalten.<\/p>\r\n<p><strong>16.12.2015<\/strong><\/p>\r\n<p>Wir haben auch wieder neue Bilder f\u00fcr euch hochgeladen. Reinschauen lohnt sich.<\/p>\r\n<p><strong>\u00a006.12.2015<\/strong><\/p>\r\n<p>Sch\u00f6n, dass wir am 12.12.2015 beim Spanferkelfest in Riebelsdorf musikalisch mit dabei sein werden. Wir freuen uns auf euch.<\/p>\r\n<p><strong>20.11.2915<\/strong><\/p>\r\n<p>Der Alsfelder Weihnachtsmarkt \u00f6ffnet bald seine Pforten. Am 05.12.2015 werden wir euch dort mit adventlicher und besinnlicher Musik weihnachtlich einstimmen.<\/p>\r\n<\/div>\r\n<div class=\"art-article\">\r\n<div class=\"art-article\"><strong>23.09.2015<\/strong><\/div>\r\n<div class=\"art-article\">\u00a0<\/div>\r\n<div class=\"art-article\">Mit Schwung und guter Laune geht es am 03.10.2015 nach Harle. Ab 16.00 Uhr sind wir dort beim Herbst- und Erntedankfest des Landfrauenverein Harle zu h\u00f6ren.<\/div>\r\n<div class=\"art-article\">Am Sonntag, den 27.09.2015 musizieren und singen wir mit den Leimsfelder Dorfmusikanten in Zimmersrode zum Kommers \u00a0 \u00a0 \u00a0 \u00a0 \u00a0 \u00a0\u00a0 25 Jahre Rum\u00e4nienhilfe.<\/div>\r\n<div class=\"art-article\">Sch\u00f6n, wenn auch ihr dabei seid.<\/div>\r\n<\/div>\r\n<div class=\"art-article\">\u00a0<\/div>\r\n<div class=\"art-article\"><strong>\u00a005.09.2015<\/strong><\/div>\r\n<div class=\"art-article\">\u00a0<\/div>\r\n<div class=\"art-article\">Wir freuen uns, dass wir beim Sch\u00fctzenball in Neuenhain am 12.09.2015 musikalisch mit dabei sind. \ud83d\ude42<\/div>\r\n<div class=\"art-article\">\u00a0<\/div>\r\n<div class=\"art-article\"><strong>18.08.2015<\/strong><\/div>\r\n<div class=\"art-article\">\u00a0<\/div>\r\n<div class=\"art-article\">Am Sonntag, den 23. August 2015\u00a0 sind wir beim Parkfest 2015 des Heimatverein Zimmersrode ab 14.00 Uhr im Dorfpark Zimmersrode zu h\u00f6ren. Wir freuen uns auf euch.<\/div>\r\n<div class=\"art-article\">\u00a0<\/div>\r\n<div class=\"art-article\"><strong>10.08.2015<\/strong><\/div>\r\n<div class=\"art-article\">\u00a0<\/div>\r\n<div class=\"art-article\">Bei sommerlichen Temperaturen haben wir einen wundersch\u00f6nen\u00a0 Nachmittag in der Kahlsmuehle verbracht und mit Musik und Gesang zur stimmungsvollen Unterhaltung beigetragen. Viele Gr\u00fc\u00dfe von hier aus an die G\u00e4ste aus dem Odenwald, die bei guter Stimmung waren. :-)Am kommenden Sonntag, den 16. August ab 15.00 Uhr sind wir auf der Kirmes in Obergrenzebach und hoffen auf viele bekannte Gesichter und ebenso so viele Tanzfreudige wie im letzten Jahr.<\/div>\r\n<div class=\"art-article\">\u00a0<\/div>\r\n<div class=\"art-article\"><strong>21.07.2015<\/strong><\/div>\r\n<div class=\"art-article\">\u00a0<\/div>\r\n<div class=\"art-article\">Die Kahlsmuehle bei Hatzbach feiert in diesem Jahr ihr 25-j\u00e4hriges Jubil\u00e4um mit einem Hoffest. Wir freuen uns, dass wir dieses Fest am 09. August 2015 ab 14.00 Uhr musikalisch begleiten werden.<\/div>\r\n<div class=\"art-article\">\u00a0<\/div>\r\n<div class=\"art-article\">\u00a0<\/div>\r\n<div class=\"art-article\">\u00a0<\/div>\r\n<div class=\"art-article\"><strong>20.07.2015<\/strong><\/div>\r\n<div class=\"art-article\">\u00a0<\/div>\r\n<div class=\"art-article\">Gute Stimmung und Tanzlaune am Sonntag auf der Kirmes in Wasenberg. \ud83d\ude42<\/div>\r\n<div class=\"art-article\">\r\n<p><strong>13.07.2015<\/strong><\/p>\r\n<p>Nach zwei gelungenen und sch\u00f6nen Veranstaltungen an den letzten beiden Wochenenden am Familiennachmittag im Festzelt der Firma Horn &amp; Bauer aus Schwalmstadt und zum 5-j\u00e4hrigen Bestehen bei der Firma Lackner aus Frielendorf-Verna, geht es am n\u00e4chsten Sonntag, den 19.07.2015 zur Kirmes nach Wasenberg. Wie bereits angek\u00fcndigt, werden wir in Wasenberg ab 15.00 Uhr musizieren und hoffen, euch dort begr\u00fc\u00dfen zu d\u00fcrfen.<\/p>\r\n<p><strong>15.06.2015<\/strong><\/p>\r\n<p>Hat sehr viel Spa\u00df gemacht in Ascherode beim Kirmesfr\u00fchschoppen.<\/p>\r\n<p>Auch in diesem Jahr sind wir wieder Kirmessonntag bei der Kirmes in Wasenberg dabei. Im Anschluss an blech.Quadrat k\u00f6nnt ihr uns h\u00f6ren.<\/p>\r\n<p><strong>10.06.2015<\/strong><\/p>\r\n<p><span style=\"color: #800000;\">5 Jahre Hens und Ingrid<\/span><\/p>\r\n<p><span style=\"color: #000000;\">In diesem Jahr blicken wir bereits auf 5 Jahre erfolgreiche gemeinsame T\u00e4tigkeit zur\u00fcck.<\/span><\/p>\r\n<p>Es ist unser Wunsch, Ihnen auch k\u00fcnftig eine breite Palette musikalischer Unterhaltung zu bieten.<\/p>\r\n<p>Wir freuen uns auf weitere gemeinsame musikalische Aktivit\u00e4ten.<\/p>\r\n<p><strong>05.06.2015<\/strong><\/p>\r\n<p>Am 14.06. ab 12.00 Uhr gehts auf zum Kirmesfr\u00fchschoppen in Ascherode. Wir freuen uns auf euer Kommen.<\/p>\r\n<p><strong>03.05.2015<\/strong><\/p>\r\n<p>Wir freuen uns schon jetzt auf den Vatertagsfr\u00fchschoppen am 14. Mai ab 11.00 Uhr in der Gastst\u00e4tte und Pension Klingelh\u00f6fer, Am Hexenturm in Schwalmstadt-Treysa.<\/p>\r\n<p><strong>02.05.2015<\/strong><\/p>\r\n<p>Bistro 254 war wieder ein toller Erfolg.<\/p>\r\n<p><strong>11.04.2015<\/strong><\/p>\r\n<p>In diesem Jahr feiern wir unser 5-j\u00e4hriges Bestehen.<\/p>\r\n<p><strong>09.04.2015<\/strong><\/p>\r\n<p>Am 02. Mai 2015 unterhalten wir Sie im Bistro 254 in Unshausen ab 12.00 Uhr mit unserer Musik. Das Bistro feiert an diesem Wochenende sein 10-j\u00e4hriges Bestehen. Wir w\u00fcnschen der Juli\u00e4umsveranstaltung einen guten Verlauf.<\/p>\r\n<p><strong>01.04.2015<\/strong><\/p>\r\n<p>Am 01. Mai 2015 sind wir als Gesangsduo mit den Leimsfelder Dorfmusikanten bei Leo in Sebbeterode zu h\u00f6ren. Vielleicht sieht man sich dort. Wir w\u00fcrden uns freuen.<\/p>\r\n<p><strong>13.03.2015<\/strong><\/p>\r\n<p>Wir haben unsere Musik-Demos wieder f\u00fcr Sie hochgeladen, h\u00f6ren Sie doch mal rein.<\/p>\r\n<p><strong>24.01.2015<\/strong><\/p>\r\n<p>Wir haben neue Bilder hochgeladen. Schauen Sie doch mal rein, viel Spa\u00df.<\/p>\r\n<p><strong>18.01.2015<\/strong><\/p>\r\n<p>Wir sagen allen Freunden, Bekannten und Veranstaltern danke f\u00fcr die Buchungen und vielen unvergesslichen Auftritte im vergangenen Jahr. Es hat uns gro\u00dfen Spa\u00df gemacht.<\/p>\r\n<p>Gerne werden wir Sie auch im Jahr 2015 mit unserer Musik und unserem Gesang erfreuen.<\/p>\r\n<p>In den n\u00e4chsten Tagen werden Sie viele neue Bilder von vergangenen Verantstaltungen auf unserer homepage finden . Schauen Sie doch mal wieder rein.<\/p>\r\n<p><strong>29.12.2014<\/strong><\/p>\r\n<p>Das Jahr neigt sich langsam dem Ende zu, wir w\u00fcnschen einen guten Start in das kommende\u00a0 Jahr und alles Gute, Gl\u00fcck, Gesundheit und Zufriedenheit f\u00fcr 2015.<\/p>\r\n<p><strong>24.12.2014<\/strong><\/p>\r\n<p>Wir w\u00fcnschen Euch allen ein gesegnetes und frohes Weihnachtsfest.<\/p>\r\n<p><strong>01.12.2014<\/strong><\/p>\r\n<p>Wir w\u00fcnschen allen unseren Freunden und Bekannten eine besinnliche Adventszeit.<\/p>\r\n<p><strong>01.12.2014<\/strong><\/p>\r\n<p>Unser Homepage wurde umgestaltet. Gef\u00e4llt Sie Ihnen? Wir werden Sie auch weiterhin auf dieser Homepage gut informieren.<\/p>\r\n<p><strong>28.10.2014<\/strong><\/p>\r\n<p>Am 06.12.2014 ab 14.00 Uhr starten wir durch im Caf\u00e9 Zeitlos in Neukirchen und am 12.12.2014 ab 14.00 Uhr bei der AWO Neuental.<\/p>\r\n<p>Au\u00dferdem sind wir am 14.12.2014 wieder beim vorweihnachtlichen Seniorennachmittag in Willingshausen mit dabei.<\/p>\r\n<p>Wir freuen uns auf die kommenden Veranstaltungen. \ud83d\ude42<\/p>\r\n<p><strong>28.09.2014<\/strong><\/p>\r\n<p>Am 05.10.2014 geht`s mit Schwung zum Kornk\u00e4fer Erntedankfest bzw. Dreschmaschinenfest nach Gleimenhain.<\/p>\r\n<p><strong>15.09.2014<\/strong><\/p>\r\n<p>O`zapft is. Als n\u00e4chstes freuen wir uns auf den Bayerischen Abend des TuSpo R\u00f6llshausen am 27. September 2014 ab 20.00 Uhr.<\/p>\r\n<p><strong>09.09.2014<\/strong><\/p>\r\n<p>Das Benefizkonzert in Zimmersrode war ein gro\u00dfer Erfolg.<\/p>\r\n<p>Siehe auch Internet und Presseclippings auf unserer Homepage.<\/p>\r\n<p><strong>08.09.2014<\/strong><\/p>\r\n<p>Kleine Erinnerung. Am kommenden Sonntag, den 14.09.2014 ab 11.00 Uhr findet das Jubil\u00e4umsfest des Hofladen Lompe in Dorheim statt. Wir sind auch dort und freuen uns schon sehr darauf.<\/p>\r\n<p><strong>17.08.2014<\/strong><\/p>\r\n<p>Nicht vergessen! Am Sonntag, den 24.08.2014 findet das Benefizkonzert im Dorfpark in Zimmersrode mit den Silberberg-Musikanten und ab 14.30 Uhr mit Alleinunterhalter &#8222;Hens&#8220; und Ingrid statt.<\/p>\r\n<p>Wir w\u00fcrden uns freuen, Sie dort begr\u00fc\u00dfen zu d\u00fcrfen.<\/p>\r\n<p><strong>05.08.2014<\/strong><\/p>\r\n<p>Am 05.10.2014 sind wir beim Kornk\u00e4fer Erntedankfest in Gleimenhain, aber vorher auf der Kirmes in Obergrenzebach, beim Benefizkonzert in Zimmersrode und auf dem Jubil\u00e4umsfest des Hofladen Lompe in Neuental-Dorheim zu h\u00f6ren.<\/p>\r\n<p><strong>23.07.2014<\/strong><\/p>\r\n<p>Wir sehen wir uns am 17.08.2014\u00a0 auf der Kirmes in Obergrenzebach, denn dort sind wir ab 14.30 Uhr zu h\u00f6ren. Wir freuen uns auf Euch.<\/p>\r\n<p><strong>20.07.2014<\/strong><\/p>\r\n<p>Heute, den 20.07.2014 erklingt unsere Musik auf der Kirmes in Wasenberg.<\/p>\r\n<p><strong>16.07.2014<\/strong><\/p>\r\n<p>Wir freuen uns auf Samstag, den 19.07.2014 auf das Fischfest bei Fischmarkt Krau\u00df in Schrecksbach.<\/p>\r\n<p><strong>04.07.2014<\/strong><\/p>\r\n<p>Am Sonntag, den 06.07.2014 findet das Sommerfest im Bistro 254 in Unshausen statt. Ab 12.00 Uhr sind wir dort dabei.<\/p>\r\n<p><strong>10.05.2014<\/strong><\/p>\r\n<p>Wir sind wieder beim Sommerfest im Bistro 254 in Unshausen zu h\u00f6ren.<\/p>\r\n<p><strong>01.05.2014<\/strong><\/p>\r\n<p>Zu einem Fr\u00fchschoppen mit Alleinunterhalter &#8222;Hens&#8220; und Ingrid l\u00e4dt die Gastst\u00e4tte und Pension Am Hexenturm in Schwalmstadt ein.<\/p>\r\n<p><strong>05.04.2014<\/strong><\/p>\r\n<p>Auch in diesem Jahr wirken wir beim Benefizkonzert in Zimmersrode mit.<\/p>\r\n<p>Au\u00dferdem sind wir wieder bei Fischmarkt Krau\u00df in Schrecksbach bei der Kirmes in Obergrenzebach und Kirmes in Wasenberg, beim Oktoberfest des Sportvereins R\u00f6llshausen sowie beim Jubil\u00e4umsfest des Hofladen Lompe in Neuental-Dorheim zu h\u00f6ren.<\/p>\r\n<p>Wir w\u00fcrden uns freuen, wenn auch Sie dabei w\u00e4ren.<\/p>\r\n<p><strong>06.01.2014<\/strong><\/p>\r\n<p>Unsere Homepage wurde mit vielen neuen Bildern von diversen Veranstaltungen best\u00fcckt. Schauen Sie doch mal rein, viel Spa\u00df dabei.<\/p>\r\n<p>Au\u00dferdem haben wir wieder viele neue Lieder im Programm.<\/p>\r\n<p><strong>30.10.2013<\/strong><\/p>\r\n<p>Am 15. Dezember 2013 findet wieder der Seniorennachmittagin der Antreffhalle Merzhausen statt, bei dem wir schon seit einigen Jahren mitwirken.<\/p>\r\n<p><strong>30.09.2013<\/strong><\/p>\r\n<p>Das Benefizkonzert Patenschaftsverein am 29.09.2013 im Dorfgemeinschaftshaus in Neuental-Zimmersrode war ein gro\u00dfer Erfolg.<\/p>\r\n<p><strong>12.06.2013<\/strong><\/p>\r\n<p>Wir haben unser Repertoire erweitert.<\/p>\r\n<p><strong>15.06.2012<\/strong><\/p>\r\n<p>Wir haben neue Lieder in unserem Programm.<\/p>\r\n<p><strong>11.01.2012<\/strong><\/p>\r\n<p>Unser Repertoire wurde erweitert. Auftritte &amp; Veranstaltungen 2012 wurden aktualisiert.<\/p>\r\n<p><strong>28.12.2011<\/strong><\/p>\r\n<p>Unsere Auftritte &amp; Veranstaltungen f\u00fcr das kommende Jahr wurden aktualisiert.<\/p>\r\n<p><strong>15.10.2011: <\/strong><\/p>\r\n<p>Wir haben heute neue Fotos von diversen Veranstaltungen in den vergangenen Wochen f\u00fcr Sie hochgeladen. Viel Spa\u00df beim Anschauen. Auftritte &amp; Veranstaltungen wurden aktualisiert.<\/p>\r\n<p><strong>02.06.2011:<\/strong><\/p>\r\n<p>Heute haben wir f\u00fcr Sie neue Fotos hochgeladen. Schauen Sie sich doch einfach mal um. Viel Spa\u00df &#8230; Zus\u00e4tzlich haben wir unsere Auftritte &amp; Veranstaltungen aktualisiert.<\/p>\r\n<p><strong>27.02.2011:<\/strong><\/p>\r\n<p>Wir haben seit heute eine neue Homepage. Gef\u00e4llt Sie Ihnen? Wir werden Sie auf dieser Homepage in Zukunft gut informieren.<\/p>\r\n<\/div>\r\n<\/div>\r\n\r\n<p>&nbsp;<\/p>\r\n","protected":false},"excerpt":{"rendered":"<p>\u00a0 Aktuelles rund um &#8222;Hens&#8220; &amp; Ingrid &nbsp; Hier pr\u00e4sentieren wir Ihnen in unregelm\u00e4\u00dfigen Abst\u00e4nden das Neueste rund um &#8222;Hens&#8220; &amp; Ingrid. Wir empfehlen Ihnen, regelm\u00e4\u00dfig wieder vorbeizuschauen um stets [&hellip;]<\/p>\n","protected":false},"author":1,"featured_media":0,"parent":0,"menu_order":0,"comment_status":"open","ping_status":"open","template":"template-fullwidth.php","meta":{"footnotes":""},"class_list":["post-11","page","type-page","status-publish","hentry"],"_links":{"self":[{"href":"http:\/\/www.alleinunterhalter-hens.de\/index.php?rest_route=\/wp\/v2\/pages\/11","targetHints":{"allow":["GET"]}}],"collection":[{"href":"http:\/\/www.alleinunterhalter-hens.de\/index.php?rest_route=\/wp\/v2\/pages"}],"about":[{"href":"http:\/\/www.alleinunterhalter-hens.de\/index.php?rest_route=\/wp\/v2\/types\/page"}],"author":[{"embeddable":true,"href":"http:\/\/www.alleinunterhalter-hens.de\/index.php?rest_route=\/wp\/v2\/users\/1"}],"replies":[{"embeddable":true,"href":"http:\/\/www.alleinunterhalter-hens.de\/index.php?rest_route=%2Fwp%2Fv2%2Fcomments&post=11"}],"version-history":[{"count":348,"href":"http:\/\/www.alleinunterhalter-hens.de\/index.php?rest_route=\/wp\/v2\/pages\/11\/revisions"}],"predecessor-version":[{"id":2394,"href":"http:\/\/www.alleinunterhalter-hens.de\/index.php?rest_route=\/wp\/v2\/pages\/11\/revisions\/2394"}],"wp:attachment":[{"href":"http:\/\/www.alleinunterhalter-hens.de\/index.php?rest_route=%2Fwp%2Fv2%2Fmedia&parent=11"}],"curies":[{"name":"wp","href":"https:\/\/api.w.org\/{rel}","templated":true}]}}