{"id":13,"date":"2014-11-05T19:24:12","date_gmt":"2014-11-05T17:24:12","guid":{"rendered":"http:\/\/www.alleinunterhalter-hens.de\/?page_id=13"},"modified":"2026-02-01T10:00:58","modified_gmt":"2026-02-01T08:00:58","slug":"veranstaltungen","status":"publish","type":"page","link":"http:\/\/www.alleinunterhalter-hens.de\/?page_id=13","title":{"rendered":"Presse"},"content":{"rendered":"<p><span style=\"color: #000000;\">Hier pr\u00e4sentieren wir Ihnen aktuelle\u00a0Internet &amp; Presseclippings. Diese Liste wird regelm\u00e4\u00dfig aktualisiert, schauen Sie doch gerne sp\u00e4ter erneut vorbei:<\/span><\/p>\n<p><strong>24.01.2026: Wir f\u00fcr uns B\u00fcrgerverein Neustadt Hessen e.V. Facebook<\/strong><\/p>\n<p><a href=\"https:\/\/www.facebook.com\/watch\/?v=1275700807784022\"><span style=\"color: #3366ff;\"><span style=\"color: #000000;\">https:\/\/www.facebook.com\/watch\/?v=1275700807784022<\/span><\/span><\/a><\/p>\n<p><strong>23.08.2023: HNA &#8220; Musik lag in der Luft&#8220; Sommerfest am Schwalmberg<br \/>\n<\/strong><\/p>\n<p><span style=\"color: #000000;\"><span style=\"color: #0000ff;\"><a style=\"color: #0000ff;\" href=\"http:\/\/www.alleinunterhalter-hens.de\/wp-content\/uploads\/2023\/08\/sommerfest_schwalmberg-e1693072637190.jpg\" target=\"_blank\" rel=\"noopener\">hier bitte klicken<\/a><\/span><\/span><\/p>\n<p><strong>26.06.2019: Feuerwehr Loshausen facebook<\/strong><\/p>\n<p><span style=\"color: #0000ff;\"><a style=\"color: #0000ff;\" href=\"https:\/\/www.facebook.com\/photo\/?fbid=2340125446223157&amp;set=pcb.2340126999556335\" target=\"_blank\" rel=\"noopener\">hier bitte klicken<\/a><\/span><\/p>\n<p><strong>08.04.2019: Lauterbacher Anzeiger<\/strong><\/p>\n<p><span style=\"color: #000000;\"><a style=\"color: #000000;\" href=\"https:\/\/www.lauterbacher-anzeiger.de\/lokales\/lauterbach\/wallenrod-ein-hohepunkt-jagt-den-anderen_20067830\" target=\"_blank\" rel=\"noopener\"><span style=\"color: #0000ff;\">hier bitte klicken<\/span><\/a><\/span><\/p>\n<p><span style=\"color: #000000;\"><a style=\"color: #000000;\" href=\"https:\/\/www.lauterbacher-anzeiger.de\/lokales\/lauterbach\/1-original-walleroder-dickebacke-kapell-feiert-festwochenende_20054800#cxrecs_s\">https:\/\/www.lauterbacher-anzeiger.de\/lokales\/lauterbach\/1-original-walleroder-dickebacke-kapell-feiert-festwochenende_20054800#cxrecs_s<\/a><\/span><\/p>\n<p><strong>28.02.2019 1. Wallenr\u00f6der Dicke Backe Kapell<\/strong><\/p>\n<p><a href=\"http:\/\/www.owdbk.de\/wp-content\/uploads\/2019\/02\/OWDBK-Plakat-A5-722x1024.jpeg\"><span style=\"color: #000000;\">http:\/\/www.owdbk.de\/wp-content\/uploads\/2019\/02\/OWDBK-Plakat-A5-722&#215;1024.jpeg<\/span><\/a><\/p>\n<p><strong>06.09.2018 Jugendclub Holzburg facebook<\/strong><\/p>\n<p><a href=\"https:\/\/de-de.facebook.com\/157234447949635\/photos\/pb.157234447949635.-2207520000.1536234941.\/698828230456918\/?type=3\"><span style=\"color: #000000;\">https:\/\/de-de.facebook.com\/157234447949635\/photos\/pb.157234447949635.-2207520000.1536234941.\/698828230456918\/?type=3<\/span><\/a><\/p>\n<p><strong>04.08.2018 LINUS Wittich ePaper-Service<\/strong><\/p>\n<p>Musikalischer Nachmittag Tagescaf\u00e9 Diakonie-Zentrum Frielendorf<\/p>\n<p><a href=\"https:\/\/archiv.wittich.de\/epapers\/1326\/2018\/25\/index.html\"><span style=\"color: #000000;\">https:\/\/archiv.wittich.de\/epapers\/1326\/2018\/25\/index.html<\/span><\/a><\/p>\n<p><strong>26.11.2017\u00a0 https:\/\/www.erlebnis.alsfeld.de\/alsfelder-weihnachtsmarkt<\/strong><\/p>\n<p><span style=\"color: #000000;\"><a style=\"color: #000000;\" href=\"https:\/\/www.erlebnis.alsfeld.de\/upload\/s\/1137\/files\/Weihnachtsmarkt-Programm-Flyer-2017-web.pdf\">https:\/\/www.erlebnis.alsfeld.de\/upload\/s\/1137\/files\/Weihnachtsmarkt-Programm-Flyer-2017-web.pdf<\/a><\/span><\/p>\n<p><strong>20.08.2017: www.kirmeskalender.de<\/strong><\/p>\n<p><span style=\"color: #000000;\"><a style=\"color: #000000;\" href=\"http:\/\/www.kirmeskalender.de\/img\/flyer\/2017\/K0170F24843.jpg\">http:\/\/www.kirmeskalender.de\/img\/flyer\/2017\/K0170F24843.jpg<\/a><br \/>\n<\/span><\/p>\n<p><strong>13.06.2017:<\/strong> facebook Kraft`s Gartencaf\u00e9<\/p>\n<p><span style=\"color: #000000;\"><a style=\"color: #000000;\" href=\"https:\/\/www.facebook.com\/pg\/KraftsGartencafe\/videos\/?ref=page_internal\">https:\/\/www.facebook.com\/pg\/KraftsGartencafe\/videos\/?ref=page_internal<\/a><\/span><\/p>\n<p><strong>02.06.2017:<\/strong> Sch\u00fctzenkreis 33<\/p>\n<p><span style=\"color: #000000;\"><a style=\"color: #000000;\" href=\"https:\/\/www.schuetzenkreis-33.de\/index.php\/newsreader\/id-50-jahre-sv-leimsfeld-mit-pokalverleihung-kreiswanderpokale.html?file=files\/kreis33\/Content\/Nachrichten\/Einladung%2050%20Jahre%20SV%20Leimsfeld.pdf\">https:\/\/www.schuetzenkreis-33.de\/index.php\/newsreader\/id-50-jahre-sv-leimsfeld-mit-pokalverleihung-kreiswanderpokale.html?file=files\/kreis33\/Content\/Nachrichten\/Einladung%2050%20Jahre%20SV%20Leimsfeld.pdf<\/a><\/span><\/p>\n<p><strong>02.10.2016: <\/strong>Herbstfest St. Martin<\/p>\n<p><span style=\"color: #000000;\"><a style=\"color: #000000;\" href=\"http:\/\/www.stmartin-neukirchen.de\/detail\/news\/herbstfest\/?no_cache=1&amp;cHash=1d6fbde2fdeb21c49dd3f20116c61653\">http:\/\/www.stmartin-neukirchen.de\/detail\/news\/herbstfest\/?no_cache=1&amp;cHash=1d6fbde2fdeb21c49dd3f20116c61653<\/a><\/span><\/p>\n<p><strong>\u00a006.05.2016\u00a0<\/strong> <cite class=\"_Rm\">lokalo24.de\/news\/sonniger-<b>himmelfahrtsmarkt<\/b>-in-<b>frielendorf<\/b>\/669829<\/cite><\/p>\n<p><span style=\"color: #000000;\"><a style=\"color: #000000;\" href=\"http:\/\/lokalo24.de\/news\/sonniger-himmelfahrtsmarkt-in-frielendorf\/669829\/\"><cite class=\"_Rm\"><b>lokalo<\/b>24.de\/news\/sonniger-<b>himmelfahrtsmarkt<\/b>-in-<b>frielendorf<\/b>\/669829\/<\/cite><\/a><\/span><\/p>\n<p><strong>02.12.2015:\u00a0<\/strong> Vobitz Weihnachtsmarkt Alsfeld<\/p>\n<p><span style=\"color: #000000;\"><a style=\"color: #000000;\" href=\"http:\/\/www.vobitz.de\/upload\/s\/1137\/files\/Weihnachtsmarkt_Programm_2015.pdf\">http:\/\/www.vobitz.de\/upload\/s\/1137\/files\/Weihnachtsmarkt_Programm_2015.pdf<\/a><\/span><\/p>\n<p><strong>03.10.2015:<\/strong> Localbook Landfrauen Harle<\/p>\n<p><span style=\"color: #000000;\"><a style=\"color: #000000;\" href=\"http:\/\/www.localbook.eu\/Hessen_Bundesland\/Schwalm-Eder-Kreis_06634\/Felsberg_4453_066340003003\/Landfrauenverein-Harle-Rhuenda-Niedermoellrich_13942929101\">http:\/\/www.localbook.eu\/Hessen_Bundesland\/Schwalm-Eder-Kreis_06634\/Felsberg_4453_066340003003\/Landfrauenverein-Harle-Rhuenda-Niedermoellrich_13942929101<\/a><\/span><\/p>\n<p><strong><span style=\"color: #000000;\">\u00a023.08.2015: <\/span><\/strong><span style=\"color: #000000;\">HNA-online<\/span> <span style=\"color: #000000;\">Heimatverein Zimmersrode<\/span><strong><span style=\"color: #000000;\"><br \/>\n<\/span><\/strong><\/p>\n<p><span style=\"color: #000000;\"><a style=\"color: #000000;\" href=\"http:\/\/www.heimatverein-zimmersrode.de\/aktuelles\">http:\/\/www.heimatverein-zimmersrode.de\/aktuelles<\/a><\/span><\/p>\n<p><span style=\"color: #000000;\"><a style=\"color: #000000;\" href=\"http:\/\/www.hna.de\/lokales\/fritzlar-homberg\/heimatverein-zimmersrode-feiert-geburtstag-5366460.html\">http:\/\/www.hna.de\/lokales\/fritzlar-homberg\/heimatverein-zimmersrode-feiert-geburtstag-5366460.html<\/a><\/span><\/p>\n<p><strong>16.08.2015: <\/strong>Kirmes Obergrenzebach<\/p>\n<p><span style=\"color: #000000;\"><a style=\"color: #000000;\" href=\"http:\/\/www.kirmeskalender.de\/details.php?id=K0170B01L04F18545\">http:\/\/www.kirmeskalender.de\/details.php?id=K0170B01L04F18545<\/a><\/span><\/p>\n<p><span style=\"color: #000000;\"><a style=\"color: #000000;\" href=\"http:\/\/www.kirmeskalender.de\/event.php?id=K0170B01L04\">http:\/\/www.kirmeskalender.de\/event.php?id=K0170B01L04<\/a><\/span><\/p>\n<p><span style=\"color: #000000;\"><strong>28.09.2014: <\/strong>TuSpo R\u00f6llshausen<\/span><\/p>\n<p><span style=\"color: #000000;\"><a style=\"color: #000000;\" href=\"http:\/\/www.tuspo-roellshausen.de\/news\/543-gelungener-bayrischer-abend-beim-tuspo\">http:\/\/www.tuspo-roellshausen.de\/news\/543-gelungener-bayrischer-abend-beim-tuspo<\/a><\/span><\/p>\n<p><span style=\"color: #000000;\"><strong>10.09.2014:<\/strong> Hofl\u00e4dchen Lompe<\/span><\/p>\n<p><span style=\"color: #000000;\"><a style=\"color: #000000;\" href=\"http:\/\/www.hausmacherwurst-lompe.de\/index.php\/aktuell.html\">http:\/\/www.hausmacherwurst-lompe.de\/index.php\/aktuell.html<\/a><\/span><\/p>\n<p><span style=\"color: #000000;\"><strong>09.09.2014:<\/strong> HNA-online<\/span><\/p>\n<p><span style=\"color: #000000;\"><a style=\"color: #000000;\" href=\"http:\/\/www.hna.de\/lokales\/fritzlar-homberg\/hilft-sich-leichter-3846901.html\">http:\/\/www.hna.de\/lokales\/fritzlar-homberg\/hilft-sich-leichter-3846901.html<\/a><\/span><\/p>\n<p><span style=\"color: #000000;\"><strong>24.08.2014: <\/strong>patenschaftsvereinhamleschbrallermichelsbergsiebenb\u00fcrgen<\/span><\/p>\n<p><span style=\"color: #000000;\"><a style=\"color: #000000;\" href=\"http:\/\/www.xn--patenschaftsvereinhamleschbrallermichelsbergsiebenbrgen-4yf.de\/benefizkonzert\/\" target=\"_blank\" rel=\"noopener noreferrer\">http:\/\/www.xn--patenschaftsvereinhamleschbrallermichelsbergsiebenbrgen-4yf.de\/benefizkonzert\/<\/a><\/span><\/p>\n<p><span style=\"color: #000000;\"><a style=\"color: #000000;\" href=\"http:\/\/www.patenschaftsvereinhamleschbrallermichelsbergsiebenb%C3%BCrgen.de\/\">http:\/\/www.patenschaftsvereinhamleschbrallermichelsbergsiebenb\u00fcrgen.de\/<\/a><\/span><\/p>\n<p><span style=\"color: #000000;\"><a style=\"color: #000000;\" href=\"http:\/\/www.patenschaftsvereinhamleschbrallermichelsbergsiebenb%C3%BCrgen.de\/s\/cc_images\/teaserbox_35830353.jpg?t=1409745831\">http:\/\/www.patenschaftsvereinhamleschbrallermichelsbergsiebenb\u00fcrgen.de\/s\/cc_images\/teaserbox_35830353.jpg?t=1409745831<\/a><\/span><\/p>\n<p><span style=\"color: #000000;\"><a style=\"color: #000000;\" href=\"http:\/\/www.patenschaftsvereinhamleschbrallermichelsbergsiebenb%C3%BCrgen.de\/s\/cc_images\/teaserbox_33911060.jpg?t=1405667816\">http:\/\/www.patenschaftsvereinhamleschbrallermichelsbergsiebenb\u00fcrgen.de\/s\/cc_images\/teaserbox_33911060.jpg?t=1405667816<\/a><\/span><\/p>\n<p><strong>16.07.2014<\/strong><\/p>\n<p><cite class=\"_Rm\">lokalo24.de\/die-bursc<b>hen<\/b>-sind-los\/97253\/<\/cite><\/p>\n<p class=\"r\"><span style=\"color: #000000;\"><a style=\"color: #000000;\" href=\"http:\/\/www.google.de\/url?sa=t&amp;rct=j&amp;q=&amp;esrc=s&amp;source=web&amp;cd=22&amp;ved=0CCUQFjABOBQ&amp;url=http%3A%2F%2Flokalo24.de%2Fdie-burschen-sind-los%2F97253%2F&amp;ei=0jWCVOHcLofJPc_2gMAF&amp;usg=AFQjCNET6FrqMzgTgEVmDSwz-kPo1QeWQA&amp;bvm=bv.80642063,d.d2s&amp;cad=rja\">Die Burschen sind los | lokalo24.de<\/a><\/span><\/p>\n<p><span style=\"color: #000000;\"><strong>03.11.2013:<\/strong> facebook<\/span><\/p>\n<p><span style=\"color: #000000;\"><a style=\"color: #000000;\" href=\"https:\/\/www.facebook.com\/events\/104712046358161\/permalink\/104712049691494\/\" target=\"_blank\" rel=\"noopener noreferrer\">https:\/\/www.facebook.com\/events\/104712046358161\/permalink\/104712049691494\/<\/a><\/span><\/p>\n<p><span style=\"color: #000000;\"><strong>07.10.2013:<\/strong> HNA-online<\/span><\/p>\n<p><span style=\"color: #000000;\"><a style=\"color: #000000;\" href=\"http:\/\/www.hna.de\/lokales\/fritzlar-homberg\/musik-patenschaft-3152439.html\" target=\"_blank\" rel=\"noopener noreferrer\">http:\/\/www.hna.de\/lokales\/fritzlar-homberg\/musik-patenschaft-3152439.html<\/a><\/span><\/p>\n<p><span style=\"color: #000000;\"><strong>29.09.2013: <\/strong><span style=\"text-decoration: underline;\">patenschaftsvereinhamleschbrallermichelsbergsiebenb\u00fcrgen<\/span><\/span><\/p>\n<p><span style=\"color: #000000;\"><a style=\"color: #000000;\" href=\"http:\/\/www.xn--patenschaftsvereinhamleschbrallermichelsbergsiebenbrgen-4yf.de\/benefizkonzert\/\" target=\"_blank\" rel=\"noopener noreferrer\">http:\/\/www.xn--patenschaftsvereinhamleschbrallermichelsbergsiebenbrgen-4yf.de\/benefizkonzert\/<\/a><\/span><\/p>\n<p><span style=\"color: #000000;\"><strong>28.09.2013:<\/strong> NH24<\/span><\/p>\n<p><span style=\"color: #000000;\"><a style=\"color: #000000;\" href=\"http:\/\/www.nh24.de\/index.php\/panorama\/22-allgemein\/70893-drei-sichere-schlaege-ozapft-is\" target=\"_blank\" rel=\"noopener noreferrer\">http:\/\/www.nh24.de\/index.php\/panorama\/22-allgemein\/70893-drei-sichere-schlaege-ozapft-is<\/a><\/span><\/p>\n<p><span style=\"color: #000000;\"><strong>27.07.2013:<\/strong> NH24<\/span><\/p>\n<p><span style=\"color: #000000;\"><a style=\"color: #000000;\" href=\"http:\/\/www.nh24.de\/index.php\/schwalmstadt\/201-schwalmstadt\/68357-25-jahre-leimsfelder-dorfmusikanten\" target=\"_blank\" rel=\"noopener noreferrer\">http:\/\/www.nh24.de\/index.php\/schwalmstadt\/201-schwalmstadt\/68357-25-jahre-leimsfelder-dorfmusikanten<\/a><\/span><\/p>\n<p><span style=\"color: #000000;\"><strong>07.10.2012:<\/strong> HNA-online<\/span><\/p>\n<p><span style=\"color: #000000;\"><a style=\"color: #000000;\" href=\"https:\/\/www.hna.de\/lokales\/schwalmstadt\/farbenfroh-danke-sagen-2536286.html\" target=\"_blank\" rel=\"noopener noreferrer\">https:\/\/www.hna.de\/lokales\/schwalmstadt\/farbenfroh-danke-sagen-2536286.html<\/a><\/span><\/p>\n<p><span style=\"color: #000000;\"><strong>11.08.2012<\/strong>: Sommerfest Kulturbahnhof facebook<\/span><\/p>\n<p><span style=\"color: #000000;\"><a style=\"color: #000000;\" href=\"https:\/\/de-de.facebook.com\/events\/353591421375645\/?ref=22\">https:\/\/de-de.facebook.com\/events\/353591421375645\/?ref=22<\/a><\/span><\/p>\n<p><strong>13.12.2010: <\/strong>HNA-online<strong><br \/>\n<\/strong><\/p>\n<p><span style=\"color: #000000;\"><a style=\"color: #000000;\" href=\"http:\/\/www.hna.de\/lokales\/schwalmstadt\/rueckten-zusammen-1046402.html\">http:\/\/www.hna.de\/lokales\/schwalmstadt\/rueckten-zusammen-1046402.html<\/a><\/span><\/p>\n<p><span style=\"color: #000000;\"><strong>28.09.2010:<\/strong> mb-sek<\/span><\/p>\n<p><span style=\"color: #000000;\"><a style=\"color: #000000;\" href=\"http:\/\/etmcms.de\/mb-sek\/2010\/09\/28\/mit-blaulicht-ins-vergnuegen\/\" target=\"_blank\" rel=\"noopener noreferrer\">http:\/\/etmcms.de\/mb-sek\/2010\/09\/28\/mit-blaulicht-ins-vergnuegen\/<\/a><\/span><\/p>\n<p><span style=\"color: #000000;\"><strong>16.05.2010:<\/strong> HNA-online<\/span><\/p>\n<p><span style=\"color: #000000;\"><a style=\"color: #000000;\" href=\"http:\/\/www.hna.de\/nachrichten\/schwalm-eder-kreis\/schwalmstadt\/volkstuemliche-hits-schlager-765537.html\" target=\"_blank\" rel=\"noopener noreferrer\">http:\/\/www.hna.de\/nachrichten\/schwalm-eder-kreis\/schwalmstadt\/volkstuemliche-hits-schlager-765537.html<\/a><\/span><\/p>\n<p><span style=\"color: #000000;\">\u00a0<\/span><\/p>\n<p><span style=\"color: #000000;\">\u00a0<\/span><\/p>\n<p><span style=\"color: #000000;\">\u00a0<\/span><\/p>\n<hr \/>\n<p><span style=\"color: #000000;\">\u00a0<\/span><\/p>\n<ul>\n<li><span style=\"color: #000000;\"><strong>Oktoberfest im Seniorenzentrum:<\/strong> <a style=\"color: #000000;\" href=\"http:\/\/www.alleinunterhalter-hens.de\/presse\/presse1.jpg\" target=\"_blank\" rel=\"noopener noreferrer\">Bitte hier klicken<\/a><\/span><\/li>\n<li><span style=\"color: #000000;\"><strong>Benefiz-Konzert mit &#8222;Hens &amp; Ingrid&#8220;: <\/strong><a style=\"color: #000000;\" href=\"http:\/\/www.alleinunterhalter-hens.de\/presse\/presse2.jpg\" target=\"_blank\" rel=\"noopener noreferrer\">Bitte hier klicken<\/a><\/span><\/li>\n<\/ul>\n","protected":false},"excerpt":{"rendered":"<p>Hier pr\u00e4sentieren wir Ihnen aktuelle\u00a0Internet &amp; Presseclippings. Diese Liste wird regelm\u00e4\u00dfig aktualisiert, schauen Sie doch gerne sp\u00e4ter erneut vorbei: 24.01.2026: Wir f\u00fcr uns B\u00fcrgerverein Neustadt Hessen e.V. Facebook https:\/\/www.facebook.com\/watch\/?v=1275700807784022 23.08.2023: [&hellip;]<\/p>\n","protected":false},"author":1,"featured_media":0,"parent":0,"menu_order":0,"comment_status":"open","ping_status":"open","template":"template-fullwidth.php","meta":{"footnotes":""},"class_list":["post-13","page","type-page","status-publish","hentry"],"_links":{"self":[{"href":"http:\/\/www.alleinunterhalter-hens.de\/index.php?rest_route=\/wp\/v2\/pages\/13","targetHints":{"allow":["GET"]}}],"collection":[{"href":"http:\/\/www.alleinunterhalter-hens.de\/index.php?rest_route=\/wp\/v2\/pages"}],"about":[{"href":"http:\/\/www.alleinunterhalter-hens.de\/index.php?rest_route=\/wp\/v2\/types\/page"}],"author":[{"embeddable":true,"href":"http:\/\/www.alleinunterhalter-hens.de\/index.php?rest_route=\/wp\/v2\/users\/1"}],"replies":[{"embeddable":true,"href":"http:\/\/www.alleinunterhalter-hens.de\/index.php?rest_route=%2Fwp%2Fv2%2Fcomments&post=13"}],"version-history":[{"count":73,"href":"http:\/\/www.alleinunterhalter-hens.de\/index.php?rest_route=\/wp\/v2\/pages\/13\/revisions"}],"predecessor-version":[{"id":2413,"href":"http:\/\/www.alleinunterhalter-hens.de\/index.php?rest_route=\/wp\/v2\/pages\/13\/revisions\/2413"}],"wp:attachment":[{"href":"http:\/\/www.alleinunterhalter-hens.de\/index.php?rest_route=%2Fwp%2Fv2%2Fmedia&parent=13"}],"curies":[{"name":"wp","href":"https:\/\/api.w.org\/{rel}","templated":true}]}}